{"id":28,"date":"2017-11-30T21:41:31","date_gmt":"2017-11-30T20:41:31","guid":{"rendered":"http:\/\/preprod.asso-online.fr\/?page_id=28"},"modified":"2025-07-22T14:18:18","modified_gmt":"2025-07-22T12:18:18","slug":"tennis","status":"publish","type":"page","link":"https:\/\/asvlb.fr\/index.php\/tennis\/","title":{"rendered":"Tennis"},"content":{"rendered":"\t\t<div data-elementor-type=\"wp-post\" data-elementor-id=\"28\" class=\"elementor elementor-28\">\n\t\t\t\t\t\t<section class=\"elementor-section elementor-top-section elementor-element elementor-element-4735391b elementor-section-boxed elementor-section-height-default elementor-section-height-default\" data-id=\"4735391b\" data-element_type=\"section\">\n\t\t\t\t\t\t<div class=\"elementor-container elementor-column-gap-default\">\n\t\t\t\t\t<div class=\"elementor-column elementor-col-50 elementor-top-column elementor-element elementor-element-277a36a6\" data-id=\"277a36a6\" data-element_type=\"column\">\n\t\t\t<div class=\"elementor-widget-wrap elementor-element-populated\">\n\t\t\t\t\t\t<div class=\"elementor-element elementor-element-73c17135 elementor-widget elementor-widget-text-editor\" data-id=\"73c17135\" data-element_type=\"widget\" data-widget_type=\"text-editor.default\">\n\t\t\t\t<div class=\"elementor-widget-container\">\n\t\t\t\t\t\t\t\t\t<h1 style=\"text-align: center;\"><span style=\"font-size: 18pt; color: #000000;\"><strong>Informations<\/strong><\/span><\/h1><div><span style=\"color: #000000; font-size: 10pt;\">Apr\u00e8s les deux derni\u00e8res saisons compliqu\u00e9es de parts les conditions sanitaires, la section tennis compte bien reprendre le rythme normal de ses activit\u00e9s sportives tant pour ses cours de tennis que pour ses animations. D\u2019ailleurs nous vous pr\u00e9parons quelques \u00e9v\u00e9nements d&rsquo;envergure ou festifs\u2026<\/span><\/div><p><span style=\"font-size: 24pt; color: #000000;\"><strong>\u00a0<\/strong><\/span><\/p>\t\t\t\t\t\t\t\t<\/div>\n\t\t\t\t<\/div>\n\t\t\t\t\t<\/div>\n\t\t<\/div>\n\t\t\t\t<div class=\"elementor-column elementor-col-50 elementor-top-column elementor-element elementor-element-4bdeee95\" data-id=\"4bdeee95\" data-element_type=\"column\">\n\t\t\t<div class=\"elementor-widget-wrap elementor-element-populated\">\n\t\t\t\t\t\t<div class=\"elementor-element elementor-element-3a5af2d8 elementor-widget elementor-widget-image\" data-id=\"3a5af2d8\" data-element_type=\"widget\" data-widget_type=\"image.default\">\n\t\t\t\t<div class=\"elementor-widget-container\">\n\t\t\t\t\t\t\t\t\t\t\t\t\t\t\t<img fetchpriority=\"high\" decoding=\"async\" width=\"300\" height=\"189\" src=\"https:\/\/asvlb.fr\/wp-content\/uploads\/2018\/01\/logo-tennis-2015.jpg\" class=\"attachment-large size-large wp-image-288\" alt=\"\" \/>\t\t\t\t\t\t\t\t\t\t\t\t\t\t\t<\/div>\n\t\t\t\t<\/div>\n\t\t\t\t\t<\/div>\n\t\t<\/div>\n\t\t\t\t\t<\/div>\n\t\t<\/section>\n\t\t\t\t<section class=\"elementor-section elementor-top-section elementor-element elementor-element-e433c3f elementor-section-boxed elementor-section-height-default elementor-section-height-default\" data-id=\"e433c3f\" data-element_type=\"section\">\n\t\t\t\t\t\t<div class=\"elementor-container elementor-column-gap-default\">\n\t\t\t\t\t<div class=\"elementor-column elementor-col-100 elementor-top-column elementor-element elementor-element-579cf8c\" data-id=\"579cf8c\" data-element_type=\"column\">\n\t\t\t<div class=\"elementor-widget-wrap elementor-element-populated\">\n\t\t\t\t\t\t<div class=\"elementor-element elementor-element-6c62054 elementor-alert-info elementor-widget elementor-widget-alert\" data-id=\"6c62054\" data-element_type=\"widget\" data-widget_type=\"alert.default\">\n\t\t\t\t<div class=\"elementor-widget-container\">\n\t\t\t\t\t\t\t<div class=\"elementor-alert\" role=\"alert\">\n\n\t\t\t\t\t\t<span class=\"elementor-alert-title\">INFORMATIONS<\/span>\n\t\t\t\n\t\t\t\t\t\t<span class=\"elementor-alert-description\">Renseignements et tarifs sur https:\/\/www.asvlb-tennis.fr<\/span>\n\t\t\t\n\t\t\t\n\t\t<\/div>\n\t\t\t\t\t\t<\/div>\n\t\t\t\t<\/div>\n\t\t\t\t\t<\/div>\n\t\t<\/div>\n\t\t\t\t\t<\/div>\n\t\t<\/section>\n\t\t\t\t<section class=\"elementor-section elementor-top-section elementor-element elementor-element-3b8577e1 elementor-section-boxed elementor-section-height-default elementor-section-height-default\" data-id=\"3b8577e1\" data-element_type=\"section\">\n\t\t\t\t\t\t<div class=\"elementor-container elementor-column-gap-default\">\n\t\t\t\t\t<div class=\"elementor-column elementor-col-66 elementor-top-column elementor-element elementor-element-6c45c972\" data-id=\"6c45c972\" data-element_type=\"column\">\n\t\t\t<div class=\"elementor-widget-wrap elementor-element-populated\">\n\t\t\t\t\t\t<div class=\"elementor-element elementor-element-7ae64999 elementor-widget elementor-widget-text-editor\" data-id=\"7ae64999\" data-element_type=\"widget\" data-widget_type=\"text-editor.default\">\n\t\t\t\t<div class=\"elementor-widget-container\">\n\t\t\t\t\t\t\t\t\t<h1 style=\"text-align: center;\"><span style=\"color: #000000; font-size: 18pt;\"><strong>Les Cours<\/strong><\/span><\/h1><p><span style=\"text-decoration: underline; font-size: 10pt;\"><strong><span style=\"color: #000000; text-decoration: underline;\">Jeunes:<\/span><\/strong><\/span><\/p><p><span style=\"color: #111111; font-family: 'Droid Sans', Arial, Tahoma; font-size: 10pt;\">L\u2019\u00e9cole de tennis est ouverte aux enfants \u00e2g\u00e9s de 5 \u00e0 16 ans. Des cours de 1h ou 1h30 sont propos\u00e9s en semaine. L\u2019encadrement est assur\u00e9 par un moniteur (brevet d\u2019Etat) ou un initiateur de tennis (brevet f\u00e9d\u00e9ral). Les \u00e9l\u00e8ves sont r\u00e9partis dans des groupes de 5 \u00e0 6 joueurs selon leur niveau et leur \u00e2ge. La section mini-tennis (enfants de 5 \u00e0 7 ans) propose un cours sp\u00e9cifique \u00e0 base de jeux ludiques.<\/span><\/p><p><span style=\"text-decoration: underline; font-size: 10pt;\"><strong><span style=\"color: #000000; text-decoration: underline;\">Adultes :<\/span><\/strong><\/span><\/p><p><span style=\"color: #000000; font-size: 10pt;\">Des cours collectifs adultes sont propos\u00e9s pour les adh\u00e9rents souhaitant am\u00e9liorer leur jeu, \u00e0 raison de 30 s\u00e9ances d\u2019une dur\u00e9e de 1h.<\/span><\/p>\t\t\t\t\t\t\t\t<\/div>\n\t\t\t\t<\/div>\n\t\t\t\t\t<\/div>\n\t\t<\/div>\n\t\t\t\t<div class=\"elementor-column elementor-col-33 elementor-top-column elementor-element elementor-element-35359d87\" data-id=\"35359d87\" data-element_type=\"column\">\n\t\t\t<div class=\"elementor-widget-wrap elementor-element-populated\">\n\t\t\t\t\t\t<div class=\"elementor-element elementor-element-1bc1fbb0 elementor-widget elementor-widget-text-editor\" data-id=\"1bc1fbb0\" data-element_type=\"widget\" data-widget_type=\"text-editor.default\">\n\t\t\t\t<div class=\"elementor-widget-container\">\n\t\t\t\t\t\t\t\t\t<p style=\"text-align: center;\"><span style=\"font-size: 18pt; color: #000000;\"><strong>Le Bureau<\/strong><\/span><\/p><p><span style=\"font-size: 10pt; font-family: arial, helvetica, sans-serif; color: #000000;\">\u00a0Pr\u00e9sident : Eric PROVOST<\/span><\/p><div style=\"overflow: hidden; border-top: none; color: #333333; font-family: 'Lucida Grande', 'Lucida Sans', Verdana, Arial, sans-serif; font-size: 12px;\"><div style=\"padding: 5px;\"><p dir=\"ltr\"><span style=\"font-size: 10pt; font-family: arial, helvetica, sans-serif; color: #000000;\">Renseignements:<\/span><\/p><p><span style=\"font-family: arial, helvetica, sans-serif; font-size: 10pt; color: #000000;\"> Eric PROVOST: 06 66 20 36 67<\/span><\/p><p><span style=\"font-family: arial, helvetica, sans-serif; font-size: 10pt; color: #000000;\">S\u00e9bastien TRENTIN: 06 07 56 17 44<\/span><\/p><p><span style=\"font-size: 10pt; color: #000000; font-family: arial, helvetica, sans-serif;\"><strong>E-mail<\/strong> : <a href=\"mailto:info@asvlb-tennis.fr\">info@asvlb-tennis.fr<\/a><br \/><strong>Site Web<\/strong> :\u00a0<a style=\"color: #000000;\" href=\"https:\/\/www.asvlb-tennis.fr\/\">https:\/\/www.asvlb-tennis.fr\/<\/a><\/span><\/p><p><span style=\"color: #000000; font-size: 10pt; font-family: arial, helvetica, sans-serif;\"><strong>FFT<\/strong> : 57.91.0124<\/span><\/p><\/div><\/div>\t\t\t\t\t\t\t\t<\/div>\n\t\t\t\t<\/div>\n\t\t\t\t\t<\/div>\n\t\t<\/div>\n\t\t\t\t\t<\/div>\n\t\t<\/section>\n\t\t\t\t<section class=\"elementor-section elementor-top-section elementor-element elementor-element-fa115bb elementor-section-boxed elementor-section-height-default elementor-section-height-default\" data-id=\"fa115bb\" data-element_type=\"section\">\n\t\t\t\t\t\t<div class=\"elementor-container elementor-column-gap-default\">\n\t\t\t\t\t<div class=\"elementor-column elementor-col-100 elementor-top-column elementor-element elementor-element-b564041\" data-id=\"b564041\" data-element_type=\"column\">\n\t\t\t<div class=\"elementor-widget-wrap elementor-element-populated\">\n\t\t\t\t\t\t<div class=\"elementor-element elementor-element-1c6fabb elementor-widget elementor-widget-text-editor\" data-id=\"1c6fabb\" data-element_type=\"widget\" data-widget_type=\"text-editor.default\">\n\t\t\t\t<div class=\"elementor-widget-container\">\n\t\t\t\t\t\t\t\t\t<h1 style=\"text-align: center;\"><span style=\"color: #000000; font-size: 18pt;\"><strong>Inscriptions<\/strong><\/span><\/h1><ul><li><span style=\"font-size: 10pt; color: #000000;\">1 photo<\/span><\/li><li><span style=\"font-size: 10pt; color: #000000;\">1 certificat m\u00e9dical ou l&rsquo;attestation de non contre-indication selon cas (voir feuille d&rsquo;inscription)<\/span><\/li><li><span style=\"font-size: 10pt; color: #000000;\">votre badge d\u2019acc\u00e8s et r\u00e9servation pour les renouvellements<\/span><\/li><\/ul>\t\t\t\t\t\t\t\t<\/div>\n\t\t\t\t<\/div>\n\t\t\t\t\t<\/div>\n\t\t<\/div>\n\t\t\t\t\t<\/div>\n\t\t<\/section>\n\t\t\t\t<section class=\"elementor-section elementor-top-section elementor-element elementor-element-5478e5eb elementor-section-boxed elementor-section-height-default elementor-section-height-default\" data-id=\"5478e5eb\" data-element_type=\"section\">\n\t\t\t\t\t\t<div class=\"elementor-container elementor-column-gap-default\">\n\t\t\t\t\t<div class=\"elementor-column elementor-col-100 elementor-top-column elementor-element elementor-element-5c651b6a\" data-id=\"5c651b6a\" data-element_type=\"column\">\n\t\t\t<div class=\"elementor-widget-wrap elementor-element-populated\">\n\t\t\t\t\t\t<div class=\"elementor-element elementor-element-443da05d elementor-alert-warning elementor-widget elementor-widget-alert\" data-id=\"443da05d\" data-element_type=\"widget\" data-widget_type=\"alert.default\">\n\t\t\t\t<div class=\"elementor-widget-container\">\n\t\t\t\t\t\t\t<div class=\"elementor-alert\" role=\"alert\">\n\n\t\t\t\t\t\t<span class=\"elementor-alert-title\">INFORMATIONS<\/span>\n\t\t\t\n\t\t\t\t\t\t<span class=\"elementor-alert-description\">Dans le cas o\u00f9 l\u2019ASVLB effectue le transfert de l\u2019enfant, ne pas oublier de donner une autorisation \u00e0 la ma\u00eetresse ou au centre de Loisirs.<\/span>\n\t\t\t\n\t\t\t\n\t\t<\/div>\n\t\t\t\t\t\t<\/div>\n\t\t\t\t<\/div>\n\t\t\t\t\t<\/div>\n\t\t<\/div>\n\t\t\t\t\t<\/div>\n\t\t<\/section>\n\t\t\t\t<section class=\"elementor-section elementor-top-section elementor-element elementor-element-13878db0 elementor-section-boxed elementor-section-height-default elementor-section-height-default\" data-id=\"13878db0\" data-element_type=\"section\">\n\t\t\t\t\t\t<div class=\"elementor-container elementor-column-gap-default\">\n\t\t\t\t\t<div class=\"elementor-column elementor-col-100 elementor-top-column elementor-element elementor-element-5233e55b\" data-id=\"5233e55b\" data-element_type=\"column\">\n\t\t\t<div class=\"elementor-widget-wrap elementor-element-populated\">\n\t\t\t\t\t\t<div class=\"elementor-element elementor-element-a0331d6 elementor-widget elementor-widget-text-editor\" data-id=\"a0331d6\" data-element_type=\"widget\" data-widget_type=\"text-editor.default\">\n\t\t\t\t<div class=\"elementor-widget-container\">\n\t\t\t\t\t\t\t\t\t<h1 style=\"text-align: center;\"><span style=\"color: #000000; font-size: 18pt;\"><strong>Une \u00e9cole de Tennis \/ Mini-tennis<\/strong><\/span><\/h1><p style=\"text-align: left;\"><span style=\"font-family: arial, helvetica, sans-serif; font-size: 12px;\">L\u2019\u00e9cole de tennis est ouverte aux enfants \u00e2g\u00e9s de 6 \u00e0 18 ans. Des cours d\u20191 h ou 1 h 30 sont propos\u00e9s en semaine, dont l\u2019encadrement est assur\u00e9 par un moniteur (brevet d\u2019Etat) et deux initiateurs de tennis (brevet f\u00e9d\u00e9ral). Les \u00e9l\u00e8ves sont r\u00e9partis dans des groupes de 5 \u00e0 6 joueurs selon leur niveau et leur \u00e2ge. La section mini-tennis (enfants de 5 \u00e0 6 ans) re\u00e7oit un cours sp\u00e9cifique \u00e0 base de jeux ludiques.<\/span><\/p>\t\t\t\t\t\t\t\t<\/div>\n\t\t\t\t<\/div>\n\t\t\t\t\t<\/div>\n\t\t<\/div>\n\t\t\t\t\t<\/div>\n\t\t<\/section>\n\t\t\t\t<section class=\"elementor-section elementor-top-section elementor-element elementor-element-130b01e elementor-section-boxed elementor-section-height-default elementor-section-height-default\" data-id=\"130b01e\" data-element_type=\"section\">\n\t\t\t\t\t\t<div class=\"elementor-container elementor-column-gap-default\">\n\t\t\t\t\t<div class=\"elementor-column elementor-col-100 elementor-top-column elementor-element elementor-element-75ddc4e\" data-id=\"75ddc4e\" data-element_type=\"column\">\n\t\t\t<div class=\"elementor-widget-wrap elementor-element-populated\">\n\t\t\t\t\t\t<div class=\"elementor-element elementor-element-601e162 elementor-widget elementor-widget-text-editor\" data-id=\"601e162\" data-element_type=\"widget\" data-widget_type=\"text-editor.default\">\n\t\t\t\t<div class=\"elementor-widget-container\">\n\t\t\t\t\t\t\t\t\t<h1 style=\"text-align: center;\"><span style=\"color: #000000; font-size: 18pt;\"><strong>Les entra\u00eenements\u00a0<\/strong><\/span><\/h1><p><span style=\"font-size: 10pt; color: #000000; font-family: arial, helvetica, sans-serif;\">Des entra\u00eenements pour\u00a0<b>les \u00e9quipes<\/b>\u00a0sont organis\u00e9s, \u00e0 raison de 1h30 par s\u00e9ance pendant 26 semaines (hors vacances scolaires).<\/span><\/p><p><span style=\"font-size: 10pt; color: #000000; font-family: arial, helvetica, sans-serif;\">D\u2019autre part, des\u00a0<b>cours collectifs<\/b>\u00a0sont propos\u00e9s pour les adh\u00e9rents souhaitant am\u00e9liorer leur jeu, \u00e0 raison de 30 s\u00e9ances de 1 heure.\u00a0Une s\u00e9ance\/semaine, hors vacances scolaires.\u00a0<\/span><\/p><p><span style=\"font-size: 10pt; color: #000000; font-family: arial, helvetica, sans-serif;\">La section tennis dispose de 2 courts ext\u00e9rieurs et de 2 courts int\u00e9rieurs dans la halle des sports o\u00f9 des cr\u00e9neaux horaires sont sp\u00e9cifiquement r\u00e9serv\u00e9s pour la\u00a0<b>pratique libre<\/b>\u00a0du tennis. Les adh\u00e9rents devront s\u2019y conformer. Un planning sera affich\u00e9 dans la halle des sports.<\/span><\/p><p><span style=\"font-size: 10pt; color: #000000; font-family: arial, helvetica, sans-serif;\">\u00a0Des\u00a0<b>activit\u00e9s<\/b>\u00a0sont pr\u00e9vues tout au long de l\u2019ann\u00e9e: championnat officiel par \u00e9quipe, challenge de l\u2019Essonne, rencontre inter-club amicale, tournoi interne, double-surprise\u2026<\/span><\/p>\t\t\t\t\t\t\t\t<\/div>\n\t\t\t\t<\/div>\n\t\t\t\t\t<\/div>\n\t\t<\/div>\n\t\t\t\t\t<\/div>\n\t\t<\/section>\n\t\t\t\t<section class=\"elementor-section elementor-top-section elementor-element elementor-element-2ccdd02 elementor-section-boxed elementor-section-height-default elementor-section-height-default\" data-id=\"2ccdd02\" data-element_type=\"section\">\n\t\t\t\t\t\t<div class=\"elementor-container elementor-column-gap-default\">\n\t\t\t\t\t<div class=\"elementor-column elementor-col-100 elementor-top-column elementor-element elementor-element-31d27a9\" data-id=\"31d27a9\" data-element_type=\"column\">\n\t\t\t<div class=\"elementor-widget-wrap elementor-element-populated\">\n\t\t\t\t\t\t<div class=\"elementor-element elementor-element-ced61a6 elementor-widget elementor-widget-image\" data-id=\"ced61a6\" data-element_type=\"widget\" data-widget_type=\"image.default\">\n\t\t\t\t<div class=\"elementor-widget-container\">\n\t\t\t\t\t\t\t\t\t\t\t\t\t\t\t<img decoding=\"async\" width=\"860\" height=\"808\" src=\"https:\/\/asvlb.fr\/wp-content\/uploads\/2025\/07\/Tennis-2025-2026.png\" class=\"attachment-full size-full wp-image-3057\" alt=\"\" srcset=\"https:\/\/asvlb.fr\/wp-content\/uploads\/2025\/07\/Tennis-2025-2026.png 860w, https:\/\/asvlb.fr\/wp-content\/uploads\/2025\/07\/Tennis-2025-2026-300x282.png 300w, https:\/\/asvlb.fr\/wp-content\/uploads\/2025\/07\/Tennis-2025-2026-768x722.png 768w\" sizes=\"(max-width: 860px) 100vw, 860px\" \/>\t\t\t\t\t\t\t\t\t\t\t\t\t\t\t<\/div>\n\t\t\t\t<\/div>\n\t\t\t\t\t<\/div>\n\t\t<\/div>\n\t\t\t\t\t<\/div>\n\t\t<\/section>\n\t\t\t\t<section class=\"elementor-section elementor-top-section elementor-element elementor-element-ee9b114 elementor-section-boxed elementor-section-height-default elementor-section-height-default\" data-id=\"ee9b114\" data-element_type=\"section\">\n\t\t\t\t\t\t<div class=\"elementor-container elementor-column-gap-default\">\n\t\t\t\t\t<div class=\"elementor-column elementor-col-100 elementor-top-column elementor-element elementor-element-5c0d6da\" data-id=\"5c0d6da\" data-element_type=\"column\">\n\t\t\t<div class=\"elementor-widget-wrap elementor-element-populated\">\n\t\t\t\t\t\t<div class=\"elementor-element elementor-element-2779c86 elementor-widget elementor-widget-text-editor\" data-id=\"2779c86\" data-element_type=\"widget\" data-widget_type=\"text-editor.default\">\n\t\t\t\t<div class=\"elementor-widget-container\">\n\t\t\t\t\t\t\t\t\t<p><strong><u>POUR LE FORUM \u2013 concernant l\u2019inscription d\u2019un mineur MERCI DE VOUS MUNIR de:<\/u><\/strong><\/p><p>L\u2019attestation de non-contre-indication t\u00e9l\u00e9chargeable sur<strong>\u00a0<\/strong><a href=\"https:\/\/tennis-idf.fr\/yvelines\/wp-content\/uploads\/sites\/16\/2019\/01\/Modele_attestation_mineur.pdf\"><strong><em>Attestation_mineur.pdf<\/em><\/strong><\/a> apr\u00e8s avoir r\u00e9pondu au questionnaire de sant\u00e9 ci-contre\u00a0: <a href=\"https:\/\/tennis-idf.fr\/yvelines\/wp-content\/uploads\/sites\/16\/2019\/01\/QUESTIONNAIRE-DE-SANTE-MINEURS.pdf\"><strong><em>QUESTIONNAIRE-DE-SANTE-MINEURS.pdf<\/em><\/strong><\/a><\/p>\t\t\t\t\t\t\t\t<\/div>\n\t\t\t\t<\/div>\n\t\t\t\t\t<\/div>\n\t\t<\/div>\n\t\t\t\t\t<\/div>\n\t\t<\/section>\n\t\t\t\t<section class=\"elementor-section elementor-top-section elementor-element elementor-element-277d00a elementor-section-boxed elementor-section-height-default elementor-section-height-default\" data-id=\"277d00a\" data-element_type=\"section\">\n\t\t\t\t\t\t<div class=\"elementor-container elementor-column-gap-default\">\n\t\t\t\t\t<div class=\"elementor-column elementor-col-100 elementor-top-column elementor-element elementor-element-b0cad2e\" data-id=\"b0cad2e\" data-element_type=\"column\">\n\t\t\t<div class=\"elementor-widget-wrap elementor-element-populated\">\n\t\t\t\t\t\t<div class=\"elementor-element elementor-element-e2024a7 elementor-widget-divider--view-line elementor-widget elementor-widget-divider\" data-id=\"e2024a7\" data-element_type=\"widget\" data-widget_type=\"divider.default\">\n\t\t\t\t<div class=\"elementor-widget-container\">\n\t\t\t\t\t\t\t<div class=\"elementor-divider\">\n\t\t\t<span class=\"elementor-divider-separator\">\n\t\t\t\t\t\t<\/span>\n\t\t<\/div>\n\t\t\t\t\t\t<\/div>\n\t\t\t\t<\/div>\n\t\t\t\t\t<\/div>\n\t\t<\/div>\n\t\t\t\t\t<\/div>\n\t\t<\/section>\n\t\t\t\t<\/div>\n\t\t","protected":false},"excerpt":{"rendered":"<p>Informations Apr\u00e8s les deux derni\u00e8res saisons compliqu\u00e9es de parts les conditions sanitaires, la section tennis compte bien reprendre le rythme normal de ses activit\u00e9s sportives tant pour ses cours de tennis que pour ses animations. D\u2019ailleurs nous vous pr\u00e9parons quelques \u00e9v\u00e9nements d&rsquo;envergure ou festifs\u2026 \u00a0 INFORMATIONS Renseignements et tarifs sur https:\/\/www.asvlb-tennis.fr Les Cours Jeunes: L\u2019\u00e9cole<br \/><a class=\"moretag\" href=\"https:\/\/asvlb.fr\/index.php\/tennis\/\">+ Read More<\/a><\/p>\n","protected":false},"author":1,"featured_media":0,"parent":0,"menu_order":0,"comment_status":"closed","ping_status":"closed","template":"","meta":{"footnotes":""},"class_list":["post-28","page","type-page","status-publish","hentry"],"_links":{"self":[{"href":"https:\/\/asvlb.fr\/index.php\/wp-json\/wp\/v2\/pages\/28","targetHints":{"allow":["GET"]}}],"collection":[{"href":"https:\/\/asvlb.fr\/index.php\/wp-json\/wp\/v2\/pages"}],"about":[{"href":"https:\/\/asvlb.fr\/index.php\/wp-json\/wp\/v2\/types\/page"}],"author":[{"embeddable":true,"href":"https:\/\/asvlb.fr\/index.php\/wp-json\/wp\/v2\/users\/1"}],"replies":[{"embeddable":true,"href":"https:\/\/asvlb.fr\/index.php\/wp-json\/wp\/v2\/comments?post=28"}],"version-history":[{"count":71,"href":"https:\/\/asvlb.fr\/index.php\/wp-json\/wp\/v2\/pages\/28\/revisions"}],"predecessor-version":[{"id":3069,"href":"https:\/\/asvlb.fr\/index.php\/wp-json\/wp\/v2\/pages\/28\/revisions\/3069"}],"wp:attachment":[{"href":"https:\/\/asvlb.fr\/index.php\/wp-json\/wp\/v2\/media?parent=28"}],"curies":[{"name":"wp","href":"https:\/\/api.w.org\/{rel}","templated":true}]}}